{"version":"1.0","provider_name":"acceseo","provider_url":"https:\/\/www.acceseo.com\/en","author_name":"acceseo","author_url":"https:\/\/www.acceseo.com\/en\/author\/acceseo","title":"Conservatorio de M\u00fasica Juan Cant\u00f3 - acceseo","type":"rich","width":600,"height":338,"html":"<blockquote class=\"wp-embedded-content\" data-secret=\"rNOuVBkQdz\"><a href=\"https:\/\/www.acceseo.com\/en\/trabajo\/conservatorio-musica-juan-canto\">Conservatorio de M\u00fasica Juan Cant\u00f3<\/a><\/blockquote><iframe sandbox=\"allow-scripts\" security=\"restricted\" src=\"https:\/\/www.acceseo.com\/en\/trabajo\/conservatorio-musica-juan-canto\/embed#?secret=rNOuVBkQdz\" width=\"600\" height=\"338\" title=\"&#8220;Conservatorio de M\u00fasica Juan Cant\u00f3&#8221; &#8212; acceseo\" data-secret=\"rNOuVBkQdz\" frameborder=\"0\" marginwidth=\"0\" marginheight=\"0\" scrolling=\"no\" class=\"wp-embedded-content\"><\/iframe><script type=\"text\/javascript\">\n\/* <![CDATA[ *\/\n\/*! This file is auto-generated *\/\n!function(d,l){\"use strict\";l.querySelector&&d.addEventListener&&\"undefined\"!=typeof URL&&(d.wp=d.wp||{},d.wp.receiveEmbedMessage||(d.wp.receiveEmbedMessage=function(e){var t=e.data;if((t||t.secret||t.message||t.value)&&!\/[^a-zA-Z0-9]\/.test(t.secret)){for(var s,r,n,a=l.querySelectorAll('iframe[data-secret=\"'+t.secret+'\"]'),o=l.querySelectorAll('blockquote[data-secret=\"'+t.secret+'\"]'),c=new RegExp(\"^https?:$\",\"i\"),i=0;i<o.length;i++)o[i].style.display=\"none\";for(i=0;i<a.length;i++)s=a[i],e.source===s.contentWindow&&(s.removeAttribute(\"style\"),\"height\"===t.message?(1e3<(r=parseInt(t.value,10))?r=1e3:~~r<200&&(r=200),s.height=r):\"link\"===t.message&&(r=new URL(s.getAttribute(\"src\")),n=new URL(t.value),c.test(n.protocol))&&n.host===r.host&&l.activeElement===s&&(d.top.location.href=t.value))}},d.addEventListener(\"message\",d.wp.receiveEmbedMessage,!1),l.addEventListener(\"DOMContentLoaded\",function(){for(var e,t,s=l.querySelectorAll(\"iframe.wp-embedded-content\"),r=0;r<s.length;r++)(t=(e=s[r]).getAttribute(\"data-secret\"))||(t=Math.random().toString(36).substring(2,12),e.src+=\"#?secret=\"+t,e.setAttribute(\"data-secret\",t)),e.contentWindow.postMessage({message:\"ready\",secret:t},\"*\")},!1)))}(window,document);\n\/\/# sourceURL=https:\/\/www.acceseo.com\/wp-includes\/js\/wp-embed.min.js\n\/* ]]> *\/\n<\/script>\n","thumbnail_url":"https:\/\/www.acceseo.com\/wp-content\/uploads\/2019\/09\/proyecto-3.jpg","thumbnail_width":478,"thumbnail_height":478,"description":"El conservatorio profesional de m\u00fasica Juan Cant\u00f3 es un centro municipal con m\u00e1s de 50 a\u00f1os de antig\u00fcedad en el campo de la educaci\u00f3n musical, convirti\u00e9ndose en uno de los referentes del sector en la comarca de Alicante. Tras toda su trayectoria, se decidi\u00f3 renovar el logotipo del conservatorio (preservando sus valores) y el crear [&hellip;]"}